{"id":6832,"date":"2021-12-23T21:03:33","date_gmt":"2021-12-23T20:03:33","guid":{"rendered":"https:\/\/www.neu.schneider-icas-gruppe.com\/?page_id=6832"},"modified":"2026-01-28T22:41:35","modified_gmt":"2026-01-28T21:41:35","slug":"datenschutz","status":"publish","type":"page","link":"https:\/\/verschluss.de\/en\/datenschutz\/","title":{"rendered":"Data Privacy"},"content":{"rendered":"\t\t<div data-elementor-type=\"wp-page\" data-elementor-id=\"6832\" class=\"elementor elementor-6832\" data-elementor-post-type=\"page\">\n\t\t\t\t\t\t<section class=\"elementor-section elementor-top-section elementor-element elementor-element-b22c211 elementor-hidden-desktop elementor-hidden-tablet elementor-hidden-mobile elementor-section-boxed elementor-section-height-default elementor-section-height-default\" data-id=\"b22c211\" data-element_type=\"section\" data-e-type=\"section\" data-settings=\"{&quot;jet_parallax_layout_list&quot;:[{&quot;jet_parallax_layout_image&quot;:{&quot;url&quot;:&quot;&quot;,&quot;id&quot;:&quot;&quot;,&quot;size&quot;:&quot;&quot;},&quot;_id&quot;:&quot;cc937af&quot;,&quot;jet_parallax_layout_image_tablet&quot;:{&quot;url&quot;:&quot;&quot;,&quot;id&quot;:&quot;&quot;,&quot;size&quot;:&quot;&quot;},&quot;jet_parallax_layout_image_mobile&quot;:{&quot;url&quot;:&quot;&quot;,&quot;id&quot;:&quot;&quot;,&quot;size&quot;:&quot;&quot;},&quot;jet_parallax_layout_speed&quot;:{&quot;unit&quot;:&quot;%&quot;,&quot;size&quot;:50,&quot;sizes&quot;:[]},&quot;jet_parallax_layout_type&quot;:&quot;scroll&quot;,&quot;jet_parallax_layout_direction&quot;:&quot;1&quot;,&quot;jet_parallax_layout_fx_direction&quot;:null,&quot;jet_parallax_layout_z_index&quot;:&quot;&quot;,&quot;jet_parallax_layout_bg_x&quot;:50,&quot;jet_parallax_layout_bg_x_tablet&quot;:&quot;&quot;,&quot;jet_parallax_layout_bg_x_mobile&quot;:&quot;&quot;,&quot;jet_parallax_layout_bg_y&quot;:50,&quot;jet_parallax_layout_bg_y_tablet&quot;:&quot;&quot;,&quot;jet_parallax_layout_bg_y_mobile&quot;:&quot;&quot;,&quot;jet_parallax_layout_bg_size&quot;:&quot;auto&quot;,&quot;jet_parallax_layout_bg_size_tablet&quot;:&quot;&quot;,&quot;jet_parallax_layout_bg_size_mobile&quot;:&quot;&quot;,&quot;jet_parallax_layout_animation_prop&quot;:&quot;transform&quot;,&quot;jet_parallax_layout_on&quot;:[&quot;desktop&quot;,&quot;tablet&quot;]}]}\">\n\t\t\t\t\t\t<div class=\"elementor-container elementor-column-gap-wide\">\n\t\t\t\t\t<div class=\"elementor-column elementor-col-50 elementor-top-column elementor-element elementor-element-e928b1a\" data-id=\"e928b1a\" data-element_type=\"column\" data-e-type=\"column\">\n\t\t\t<div class=\"elementor-widget-wrap elementor-element-populated\">\n\t\t\t\t\t\t<div class=\"elementor-element elementor-element-bb1f6e9 elementor-widget elementor-widget-heading\" data-id=\"bb1f6e9\" data-element_type=\"widget\" data-e-type=\"widget\" data-widget_type=\"heading.default\">\n\t\t\t\t<div class=\"elementor-widget-container\">\n\t\t\t\t\t<h2 class=\"elementor-heading-title elementor-size-default\">DATENSCHUTZ<\/h2>\t\t\t\t<\/div>\n\t\t\t\t<\/div>\n\t\t\t\t\t<\/div>\n\t\t<\/div>\n\t\t\t\t<div class=\"elementor-column elementor-col-50 elementor-top-column elementor-element elementor-element-7fbd844\" data-id=\"7fbd844\" data-element_type=\"column\" data-e-type=\"column\">\n\t\t\t<div class=\"elementor-widget-wrap\">\n\t\t\t\t\t\t\t<\/div>\n\t\t<\/div>\n\t\t\t\t\t<\/div>\n\t\t<\/section>\n\t\t\t\t<section class=\"elementor-section elementor-top-section elementor-element elementor-element-dd83760 elementor-hidden-desktop elementor-hidden-tablet elementor-hidden-mobile elementor-section-boxed elementor-section-height-default elementor-section-height-default\" data-id=\"dd83760\" data-element_type=\"section\" data-e-type=\"section\" data-settings=\"{&quot;jet_parallax_layout_list&quot;:[{&quot;jet_parallax_layout_image&quot;:{&quot;url&quot;:&quot;&quot;,&quot;id&quot;:&quot;&quot;,&quot;size&quot;:&quot;&quot;},&quot;_id&quot;:&quot;04ff759&quot;,&quot;jet_parallax_layout_image_tablet&quot;:{&quot;url&quot;:&quot;&quot;,&quot;id&quot;:&quot;&quot;,&quot;size&quot;:&quot;&quot;},&quot;jet_parallax_layout_image_mobile&quot;:{&quot;url&quot;:&quot;&quot;,&quot;id&quot;:&quot;&quot;,&quot;size&quot;:&quot;&quot;},&quot;jet_parallax_layout_speed&quot;:{&quot;unit&quot;:&quot;%&quot;,&quot;size&quot;:50,&quot;sizes&quot;:[]},&quot;jet_parallax_layout_type&quot;:&quot;scroll&quot;,&quot;jet_parallax_layout_direction&quot;:&quot;1&quot;,&quot;jet_parallax_layout_fx_direction&quot;:null,&quot;jet_parallax_layout_z_index&quot;:&quot;&quot;,&quot;jet_parallax_layout_bg_x&quot;:50,&quot;jet_parallax_layout_bg_x_tablet&quot;:&quot;&quot;,&quot;jet_parallax_layout_bg_x_mobile&quot;:&quot;&quot;,&quot;jet_parallax_layout_bg_y&quot;:50,&quot;jet_parallax_layout_bg_y_tablet&quot;:&quot;&quot;,&quot;jet_parallax_layout_bg_y_mobile&quot;:&quot;&quot;,&quot;jet_parallax_layout_bg_size&quot;:&quot;auto&quot;,&quot;jet_parallax_layout_bg_size_tablet&quot;:&quot;&quot;,&quot;jet_parallax_layout_bg_size_mobile&quot;:&quot;&quot;,&quot;jet_parallax_layout_animation_prop&quot;:&quot;transform&quot;,&quot;jet_parallax_layout_on&quot;:[&quot;desktop&quot;,&quot;tablet&quot;]}]}\">\n\t\t\t\t\t\t<div class=\"elementor-container elementor-column-gap-wide\">\n\t\t\t\t\t<div class=\"elementor-column elementor-col-50 elementor-top-column elementor-element elementor-element-7d8195d\" data-id=\"7d8195d\" data-element_type=\"column\" data-e-type=\"column\">\n\t\t\t<div class=\"elementor-widget-wrap elementor-element-populated\">\n\t\t\t\t\t\t<div class=\"elementor-element elementor-element-a22ccd9 elementor-widget elementor-widget-text-editor\" data-id=\"a22ccd9\" data-element_type=\"widget\" data-e-type=\"widget\" data-widget_type=\"text-editor.default\">\n\t\t\t\t<div class=\"elementor-widget-container\">\n\t\t\t\t\t\t\t\t\t<div class=\"et_pb_column et_pb_column_1_2 et_pb_column_6 et_pb_css_mix_blend_mode_passthrough\"><div class=\"et_pb_column et_pb_column_1_2 et_pb_column_5 et_pb_css_mix_blend_mode_passthrough\"><div class=\"et_pb_module et_pb_text et_pb_text_3 et_pb_text_align_left et_pb_bg_layout_light\"><div class=\"et_pb_text_inner\"><p><strong>Verantwortlicher im Sinne der Datenschutz-Grundverordnung (DSGVO) ist:<\/strong><\/p><p>Draht- und Metallwarenfabrik<br \/>Philipp Schneider GmbH<br \/>Speckerbr\u00fccke 2<br \/>55583 Bad Kreuznach<br \/>Deutschland<br \/>E-Mail: schneider@schneider-verschluss.de<br \/>HRB 23870<\/p><p>\u00a0<\/p><p><strong>Datenschutz<\/strong><\/p><p>Wir freuen uns \u00fcber Ihren Besuch auf unserer Internetseite und Ihrem Interesse an unserem Unternehmen. Der Schutz Ihrer personenbezogenen Daten ist uns ein wichtiges Anliegen. Deshalb ist das Einhalten der gesetzlichen Bestimmungen nach der Datenschutz-Grundverordnung (DSGVO) f\u00fcr uns als Gesch\u00e4ftsgrundlage selbstverst\u00e4ndlich. Des Weiteren ist es uns wichtig, dass Sie wissen, wann wir welche Daten wie verwenden und wie wir sie auftragsbezogen speichern.<\/p><p><strong>Einwilligung<\/strong><\/p><p>Mit der Nutzung unseres Webauftritts stimmen Sie der unter dieser Ausf\u00fchrung be-schriebenen Nutzung und Speicherung Ihrer Daten zu. \u00c4nderungen an dieser Datenschutzerkl\u00e4rung werden direkt auf dieser Seite vorgenommen, so dass Sie immer dar\u00fcber informiert sind, welche Daten unser Unternehmen nutzt und speichert.<\/p><p><strong>Zugriffsdaten<\/strong><\/p><p>Wir, der Websitebetreiber bzw. unser Seitenprovider, erheben aufgrund berechtigten Interesses und im Rahmen der gesetzlichen Bestimmungen (s. Art. 6 Abs. 1 lit. f. DSGVO) Daten \u00fcber Zugriffe auf die Website und speichern diese als \u201eServer-Logfiles\u201c auf dem Server der Website ab. Folgende Daten werden so protokolliert:<\/p><ul><li><p>Besuchte Website<\/p><\/li><li><p>Uhrzeit zum Zeitpunkt des Zugriffes<\/p><\/li><li><p>Menge der gesendeten Daten in Byte<\/p><\/li><li><p>Quelle\/Verweis, von welchem Sie auf die Seite gelangten<\/p><\/li><li><p>Verwendeter Browser<\/p><\/li><li><p>Verwendetes Betriebssystem<\/p><\/li><li><p>Verwendete IP-Adresse<\/p><\/li><\/ul><p>Die Server-Logfiles werden f\u00fcr maximal 7 Tage gespeichert und anschlie\u00dfend gel\u00f6scht. Die Speicherung der Daten erfolgt aus Sicherheitsgr\u00fcnden, um z. B. Missbrauchsf\u00e4lle aufkl\u00e4ren zu k\u00f6nnen. M\u00fcssen Daten aus Beweisgr\u00fcnden aufgehoben werden, sind sie solange von der L\u00f6schung ausgenommen bis der Vorfall endg\u00fcltig gekl\u00e4rt ist.<\/p><p>Zur statistischen Auswertung, wie oft unsere Website besucht wurde, stellt unser Seitenprovider ausschlie\u00dflich anonymisierte IP-Adressen zur Verf\u00fcgung. Weiterf\u00fchrende Analyse-Tools (z.B. Google Analytics) kommen auf unserer Website nicht zum Einsatz.<\/p><p><strong>Kontaktformular<\/strong><\/p><p>Wenn Sie uns per Kontaktformular Anfragen zukommen lassen, werden Ihre Angaben aus dem Anfrageformular inklusive der von Ihnen dort angegebenen Kontaktdaten zwecks Bearbeitung der Anfrage und f\u00fcr den Fall von Anschlussfragen bei uns gespeichert. Diese Daten geben wir nicht ohne Ihre Einwilligung weiter.<\/p><p>Die Verarbeitung der in das Kontaktformular eingegebenen Daten erfolgt somit ausschlie\u00dflich auf Grundlage nach Art. 6 (1) der DSGVO. Sie k\u00f6nnen Ihre Einwilligung jederzeit widerufen. Dazu reicht eine formlose Mitteilung per E-Mail an uns. Die Rechtm\u00e4\u00dfigkeit der bis zum Widerruf erfolgten Datenverarbeitungsvorg\u00e4nge bleibt vom Widerruf unber\u00fchrt.<\/p><p>Die von Ihnen im Kontaktformular eingegebenen Daten verbleiben bei uns, bis Sie uns zur L\u00f6schung auffordern oder der Zweck f\u00fcr die Datenspeicherung entf\u00e4llt (z.B. nach abgeschlossener Bearbeitung Ihrer Anfrage). Zwingende gesetzliche Bestim-mungen \u2013 insbesondere Aufbewahrungsfristen \u2013 bleiben unber\u00fchrt.<\/p><\/div><\/div><\/div><\/div>\t\t\t\t\t\t\t\t<\/div>\n\t\t\t\t<\/div>\n\t\t\t\t\t<\/div>\n\t\t<\/div>\n\t\t\t\t<div class=\"elementor-column elementor-col-50 elementor-top-column elementor-element elementor-element-0137a49\" data-id=\"0137a49\" data-element_type=\"column\" data-e-type=\"column\">\n\t\t\t<div class=\"elementor-widget-wrap elementor-element-populated\">\n\t\t\t\t\t\t<div class=\"elementor-element elementor-element-9862197 elementor-widget elementor-widget-text-editor\" data-id=\"9862197\" data-element_type=\"widget\" data-e-type=\"widget\" data-widget_type=\"text-editor.default\">\n\t\t\t\t<div class=\"elementor-widget-container\">\n\t\t\t\t\t\t\t\t\t<p><strong>Statistikf\u00fchrung mit Google Analytics<br \/><\/strong><\/p><p>Diese Webseite benutzt Google Analytics, einen Statistik- und Analyseservice f\u00fcr Webseiten. Mit hilfe von Google Analytics werden anonymisierte Besucherdaten zu Optimierungs- und Marketingzwecken gesammelt, ausgewertet und gespeichert. Google Analytics verwendet Cookies, die in Textdateien im Zwischenspeicher Ihres Browsers gespeichert werden. Diese Cookies dienen dazu, den Browser wiederzuerkennen, und erm\u00f6glichen so eine genauere Ermittlung der Statistikdaten. IP-Adressen werden bei Google Analytics ausschlie\u00dflich anonymisiert gespeichert. Die im Rahmen von Google Analytics erhobenen Daten werden ohne die gesondert erteilte Zustimmung des Betroffenen nicht dazu genutzt, den Besucher dieser Webseite pers\u00f6nlich zu identifizieren. Die Speicherung von Cookies kann durch eine entsprechende Einstellung in Ihrer Browsersoftware verhindert werden.<\/p><p><strong>Zusendung einer Bewerbung<\/strong><\/p><p>Wir verarbeiten Ihre personenbezogene Daten im Rahmen Ihrer Bewerbung, sofern Sie uns diese zur Verf\u00fcgung stellen. In den Bewerbungsunterlagen k\u00f6nnen besondere Kategorien personenbezogener Daten enthalten sein. Die Verarbeitung erfolgt f\u00fcr die Entscheidung \u00fcber die Begr\u00fcndung eines Besch\u00e4ftigungsverh\u00e4ltnisses, Art. 88 Abs. 1 DSGVO i. V. m. \u00a7 26 Abs. 1 S.1 BDSG. Falls kein Besch\u00e4ftigungsverh\u00e4ltnis begr\u00fcndet wird, werden die digitalen Bewerbungsunterlagen sp\u00e4testens nach 6 Monaten vom Unternehmen unwiderruflich gel\u00f6scht.<\/p><p><strong>Google Web Fonts<\/strong><\/p><p>Diese Seite nutzt zur einheitlichen Darstellung von Schriftarten so genannte Web Fonts, die von Google bereitgestellt werden. Beim Aufruf einer Seite l\u00e4dt Ihr Browser die ben\u00f6tigten Web Fonts in ihren Browsercache, um Texte und Schriftarten korrekt anzuzeigen.<br \/>Zu diesem Zweck muss der von Ihnen verwendete Browser Verbindung zu den Servern von Google aufnehmen. Hierdurch erlangt Google Kenntnis dar\u00fcber, dass \u00fcber Ihre IP-Adresse unsere Website aufgerufen wurde. Die Nutzung von Google Web Fonts erfolgt im Interesse einer einheitlichen und ansprechenden Darstellung unserer Online-Angebote. Dies stellt ein berechtigtes Interesse im Sinne von Art. 6 Abs. 1 lit. f DSGVO dar.<\/p><p>Wenn Ihr Browser Web Fonts nicht unterst\u00fctzt, wird eine Standardschrift von Ihrem Computer genutzt.<br \/>Weitere Informationen zu Google Web Fonts finden Sie unter <span style=\"color: #22a636;\"><strong><a style=\"color: #22a636;\" href=\"https:\/\/developers.google.com\/fonts\/faq\">hier<\/a><\/strong><\/span> und in der <strong><a href=\"https:\/\/www.google.com\/policies\/privacy\/\"><span style=\"color: #22a636;\">Datenschutzerkl\u00e4rung von Google<\/span><\/a><\/strong><span style=\"color: #22a636;\">.<\/span><\/p><p><strong>Recht auf Auskunft, L\u00f6schung, Sperrung<\/strong><\/p><p>Sie haben jederzeit das Recht auf unentgeltliche Auskunft \u00fcber Ihre gespeicherten personenbezogenen Daten, deren Herkunft und Empf\u00e4nger und den Zweck der Datenverarbeitung sowie ein Recht auf Berichtigung, Sperrung oder L\u00f6schung dieser Daten. Hierzu sowie zu weiteren Fragen zum Thema personenbezogene Daten k\u00f6nnen Sie sich jederzeit unter der im Impressum angegebenen Adresse wenden.<\/p><p><strong>Beschwerde<\/strong><\/p><p>Wenn Sie der Auffassung sind, dass die Verarbeitung Ihre Person betreffender Daten datenschutzrechtlichen Vorschrift widerspricht, haben Sie die M\u00f6glichkeit sich an die Aufsichtsbeh\u00f6rde f\u00fcr Datenschutz, in Rheinland-Pfalz: Landesbeauftragter f\u00fcr den Datenschutz und die Informationsfreiheit in Mainz, zu wenden.<\/p><p>Zuletzt aktualisiert im Juli 2018<\/p>\t\t\t\t\t\t\t\t<\/div>\n\t\t\t\t<\/div>\n\t\t\t\t\t<\/div>\n\t\t<\/div>\n\t\t\t\t\t<\/div>\n\t\t<\/section>\n\t\t<div class=\"elementor-element elementor-element-d91add2 elementor-hidden-desktop elementor-hidden-tablet elementor-hidden-mobile e-flex e-con-boxed e-con e-parent\" data-id=\"d91add2\" data-element_type=\"container\" data-e-type=\"container\" data-settings=\"{&quot;jet_parallax_layout_list&quot;:[]}\">\n\t\t\t\t\t<div class=\"e-con-inner\">\n\t\t\t\t<div class=\"elementor-element elementor-element-00fe99c elementor-widget elementor-widget-image\" data-id=\"00fe99c\" data-element_type=\"widget\" data-e-type=\"widget\" data-widget_type=\"image.default\">\n\t\t\t\t<div class=\"elementor-widget-container\">\n\t\t\t\t\t\t\t\t\t\t\t\t\t\t\t<img decoding=\"async\" width=\"148\" height=\"154\" src=\"https:\/\/verschluss.de\/wp-content\/uploads\/2024\/04\/pfefferkorn_logo_2024.png\" class=\"attachment-full size-full wp-image-12947\" alt=\"\" srcset=\"https:\/\/verschluss.de\/wp-content\/uploads\/2024\/04\/pfefferkorn_logo_2024.png 148w, https:\/\/verschluss.de\/wp-content\/uploads\/2024\/04\/pfefferkorn_logo_2024-12x12.png 12w\" sizes=\"(max-width: 148px) 100vw, 148px\" \/>\t\t\t\t\t\t\t\t\t\t\t\t\t\t\t<\/div>\n\t\t\t\t<\/div>\n\t\t\t\t<div class=\"elementor-element elementor-element-523b40a elementor-widget elementor-widget-image\" data-id=\"523b40a\" data-element_type=\"widget\" data-e-type=\"widget\" data-widget_type=\"image.default\">\n\t\t\t\t<div class=\"elementor-widget-container\">\n\t\t\t\t\t\t\t\t\t\t\t\t\t\t\t<img decoding=\"async\" width=\"211\" height=\"218\" src=\"https:\/\/verschluss.de\/wp-content\/uploads\/2024\/04\/logo_schneider_2024.jpg\" class=\"attachment-full size-full wp-image-12948\" alt=\"\" srcset=\"https:\/\/verschluss.de\/wp-content\/uploads\/2024\/04\/logo_schneider_2024.jpg 211w, https:\/\/verschluss.de\/wp-content\/uploads\/2024\/04\/logo_schneider_2024-12x12.jpg 12w\" sizes=\"(max-width: 211px) 100vw, 211px\" \/>\t\t\t\t\t\t\t\t\t\t\t\t\t\t\t<\/div>\n\t\t\t\t<\/div>\n\t\t\t\t<div class=\"elementor-element elementor-element-f7ed9ed elementor-widget elementor-widget-image\" data-id=\"f7ed9ed\" data-element_type=\"widget\" data-e-type=\"widget\" data-widget_type=\"image.default\">\n\t\t\t\t<div class=\"elementor-widget-container\">\n\t\t\t\t\t\t\t\t\t\t\t\t\t\t\t<img decoding=\"async\" width=\"221\" height=\"221\" src=\"https:\/\/verschluss.de\/wp-content\/uploads\/2024\/04\/logo_verschluss_neu_2024.png\" class=\"attachment-full size-full wp-image-12949\" alt=\"\" srcset=\"https:\/\/verschluss.de\/wp-content\/uploads\/2024\/04\/logo_verschluss_neu_2024.png 221w, https:\/\/verschluss.de\/wp-content\/uploads\/2024\/04\/logo_verschluss_neu_2024-150x150.png 150w, https:\/\/verschluss.de\/wp-content\/uploads\/2024\/04\/logo_verschluss_neu_2024-12x12.png 12w\" sizes=\"(max-width: 221px) 100vw, 221px\" \/>\t\t\t\t\t\t\t\t\t\t\t\t\t\t\t<\/div>\n\t\t\t\t<\/div>\n\t\t\t\t\t<\/div>\n\t\t\t\t<\/div>\n\t\t<div class=\"elementor-element elementor-element-59eb98b e-flex e-con-boxed e-con e-parent\" data-id=\"59eb98b\" data-element_type=\"container\" data-e-type=\"container\" data-settings=\"{&quot;jet_parallax_layout_list&quot;:[]}\">\n\t\t\t\t\t<div class=\"e-con-inner\">\n\t\t\t\t<div class=\"elementor-element elementor-element-2ec5c5e elementor-widget elementor-widget-image\" data-id=\"2ec5c5e\" data-element_type=\"widget\" data-e-type=\"widget\" data-widget_type=\"image.default\">\n\t\t\t\t<div class=\"elementor-widget-container\">\n\t\t\t\t\t\t\t\t\t\t\t\t\t\t\t<img loading=\"lazy\" decoding=\"async\" width=\"330\" height=\"330\" src=\"https:\/\/verschluss.de\/wp-content\/uploads\/2024\/09\/logo_pfefferkorn-und-schneider-gmbh.svg\" class=\"attachment-full size-full wp-image-26612\" alt=\"Logo Pfefferkorn &amp; Schneider GmbH\" \/>\t\t\t\t\t\t\t\t\t\t\t\t\t\t\t<\/div>\n\t\t\t\t<\/div>\n\t\t\t\t\t<\/div>\n\t\t\t\t<\/div>\n\t\t<div class=\"elementor-element elementor-element-0a60615 e-flex e-con-boxed e-con e-parent\" data-id=\"0a60615\" data-element_type=\"container\" data-e-type=\"container\" data-settings=\"{&quot;jet_parallax_layout_list&quot;:[]}\">\n\t\t\t\t\t<div class=\"e-con-inner\">\n\t\t\t\t<div class=\"elementor-element elementor-element-4028bca elementor-widget elementor-widget-heading\" data-id=\"4028bca\" data-element_type=\"widget\" data-e-type=\"widget\" data-widget_type=\"heading.default\">\n\t\t\t\t<div class=\"elementor-widget-container\">\n\t\t\t\t\t<h2 class=\"elementor-heading-title elementor-size-default\">DATENSCHUTZERKL\u00c4RUNG<br> Pfefferkorn&amp; Co GmbH<\/h2>\t\t\t\t<\/div>\n\t\t\t\t<\/div>\n\t\t\t\t\t<\/div>\n\t\t\t\t<\/div>\n\t\t<div class=\"elementor-element elementor-element-8776e34 e-flex e-con-boxed e-con e-parent\" data-id=\"8776e34\" data-element_type=\"container\" data-e-type=\"container\" data-settings=\"{&quot;jet_parallax_layout_list&quot;:[]}\">\n\t\t\t\t\t<div class=\"e-con-inner\">\n\t\t\t\t<div class=\"elementor-element elementor-element-6755e0c elementor-widget elementor-widget-text-editor\" data-id=\"6755e0c\" data-element_type=\"widget\" data-e-type=\"widget\" data-widget_type=\"text-editor.default\">\n\t\t\t\t<div class=\"elementor-widget-container\">\n\t\t\t\t\t\t\t\t\t<p>Datenschutzerkl\u00e4rung (Stand: 01.04.2024)<\/p><p><strong>1.1 VORWORT<\/strong><\/p><p>Unabh\u00e4ngig davon, ob Sie Kunde, Interessent, Bewerber oder Besucher unserer Facebook\/Instagram-Fanseite sind: Wir, Pfefferkorn &amp; Co GmbH und Draht- und Metallwarenfabrik Philipp Schneider GmbH, Kapselfabrik Schneider GmbH nehmen den Schutz Ihrer personenbezogenen Daten sehr wichtig. Doch was bedeutet dies konkret?<\/p><p>Im Folgenden erm\u00f6glichen wir Ihnen, sich einen Einblick dar\u00fcber zu verschaffen, welche personenbezogenen Daten wir von Ihnen erheben und in welcher Form wir sie verarbeiten. Des Weiteren erhalten Sie eine \u00dcbersicht \u00fcber die Ihnen zustehenden Rechte nach geltendem Datenschutzrecht. Zudem nennen wir Ihnen Ihre Ansprechpartner, falls Sie noch Fragen haben sollten.<\/p><p><strong>1.2 VERANTWORTLICHE<\/strong><\/p><p>Als gemeinsam Verantwortliche i.S.d. geltenden Datenschutzgesetze ergreifen wir, die<\/p><p><strong>Pfefferkorn &amp; Co GmbH, Kapselfabrik Schneider GmbH, <\/strong>Im Boorst\u00fcck 11, 55469 Simmern<\/p><p>E-Mail: <a href=\"mailto:info@verschluss.de\">info@verschluss.de<\/a><br \/>Telefon: +49 6761 9333 0<\/p><p>und<\/p><p><strong>Draht- und Metallwarenfabrik Philipp Schneider GmbH<\/strong>, Speckerbr\u00fccke 2, 55583 Bad Kreuznach<\/p><p>E-Mail: <a href=\"mailto:info@verschluss.de\">info@verschluss.de<\/a><br \/>Telefon: +49 6761 9333 0<\/p><p>alle nach geltendem Datenschutzrecht erforderlichen Ma\u00dfnahmen, um den Schutz Ihrer personenbezogenen Daten zu gew\u00e4hrleisten.<\/p><p>Bei allen Fragen bez\u00fcglich dieser Datenschutzerkl\u00e4rung bitten wir Sie, sich an unser Personalb\u00fcro zu wenden.<\/p><p>Pfefferkorn &amp; Co GmbH <br \/>Im Boorst\u00fcck 11, 55469 Simmern<\/p><p>E-Mail: <a href=\"mailto:info@verschluss.de\">info@verschluss.de<\/a><br \/>Telefon: +49 6761 9333 0<\/p><p><strong>1.3 INFORMATIONEN ZUR DATENVERARBEITUNG<\/strong><\/p><p>Wir greifen f\u00fcr den hier angebotenen Informationsdienst auf die technische Plattform und die Dienste der Facebook Ireland Ltd., 4 Grand Canal Square Grand Canal Harbour,Dublin 2, Ireland zur\u00fcck.<\/p><p>Wir weisen Sie darauf hin, dass Sie diese Facebook\/Instagram-Seite und ihre Funktionen in eigener Verantwortung nutzen. Dies gilt insbesondere f\u00fcr die Nutzung der interaktiven Funktionen (z.B. Kommentieren, Teilen, Bewerten).<\/p><p>Beim Besuch unserer Facebook\/Instagram-Seite erfassen diese Seiten u.a Ihre IP-Adresse sowie weitere Informationen, die in Form von Cookies auf Ihrem PC vorhanden sind. Diese Informationen werden verwendet, um uns als Betreiber der Facebook-Seiten statistische Informationen \u00fcber die Inanspruchnahme der Social Media-Seiten zur Verf\u00fcgung zu stellen. N\u00e4here Informationen hierzu stellt Facebook unter folgendem Link zur Verf\u00fcgung: <br \/><a href=\"https:\/\/de-de.facebook.com\/help\/pages\/insights\" target=\"_blank\" rel=\"noopener\">http:\/\/de-de.facebook.com\/help\/pages\/insights<\/a>.<\/p><p>Die in diesem Zusammenhang \u00fcber Sie erhobenen Daten werden von der Facebook Ltd. verarbeitet und dabei gegebenenfalls in L\u00e4nder au\u00dferhalb der Europ\u00e4ischen Union \u00fcbertragen. Welche Informationen Facebook\/Instagram erh\u00e4lt und wie diese verwendet werden, beschreibt Facebook in allgemeiner Form in seinen Datenverwendungsrichtlinien. Dort finden Sie auch Informationen \u00fcber Kontaktm\u00f6glichkeiten zu Facebook sowie zu den Einstellm\u00f6glichkeiten f\u00fcr Werbeanzeigen. Die Datenverwendungsrichtlinien sind unter folgendem Link verf\u00fcgbar:<\/p><p><a href=\"https:\/\/de-de.facebook.com\/about\/privacy\" target=\"_blank\" rel=\"noopener\">http:\/\/de-de.facebook.com\/about\/privacy<\/a><\/p><p>Die vollst\u00e4ndigen Datenrichtlinien von Facebook finden Sie hier:<\/p><p><a href=\"https:\/\/de-de.facebook.com\/full_data_use_policy\" target=\"_blank\" rel=\"noopener\">https:\/\/de-de.facebook.com\/full_data_use_policy<\/a><\/p><p>In welcher Weise Facebook\/Instagram die Daten aus dem Besuch von den Seiten f\u00fcr eigene Zwecke verwendet, in welchem Umfang Aktivit\u00e4ten auf den Seiten einzelnen Nutzern zugeordnet werden, wie lange Facebook\/Instagram diese Daten speichert und ob Daten aus einem Besuch der Seiten an Dritte weitergegeben werden, wird von Facebook nicht abschlie\u00dfend und klar benannt und ist uns nicht bekannt.<\/p><p>Beim Zugriff auf eine Social Media-Seite wird, die Ihrem Endger\u00e4t zugeteilte IP-Adresse an Facebook \u00fcbermittelt. Nach Auskunft von Facebook wird diese IP-Adresse anonymisiert (bei \u201cdeutschen\u201d IP-Adressen) und nach 90 Tagen gel\u00f6scht. Facebook speichert dar\u00fcber hinaus Informationen \u00fcber die Endger\u00e4te seiner Nutzer (z.B. im Rahmen der Funktion Anmeldebenachrichtigung\u201c); gegebenenfalls ist Facebook damit eine Zuordnung von IP- Adressen zu einzelnen Nutzern m\u00f6glich.<\/p><p>Wenn Sie als Nutzerin oder Nutzer aktuell bei Facebook\/Instagramm angemeldet sind, befindet sich auf Ihrem Endger\u00e4t ein Cookie mit Ihrer Facebook-Kennung. Dadurch ist Facebook in der Lage nachzuvollziehen, dass Sie diese Seite aufgesucht und wie Sie sie genutzt haben. Dies gilt auch f\u00fcr alle anderen Social Media-Seiten.<\/p><p>\u00dcber in Webseiten eingebundene Facebook\/Instagram-Buttons ist es Facebook m\u00f6glich, Ihre Besuche auf diesen Webseiten Seiten zu erfassen und Ihrem Profil zuzuordnen. Anhand dieser Daten k\u00f6nnen Inhalte oder Werbung auf Sie zugeschnitten angeboten werden.<\/p><p>Wenn Sie dies vermeiden m\u00f6chten, sollten Sie sich bei Facebook\/Instagram abmelden bzw. die Funktion angemeldet bleiben&#8220; deaktivieren, die auf Ihrem Ger\u00e4t vorhandenen Cookies l\u00f6schen und Ihren Browser beenden und neu starten. Auf diese Weise werden Informationen, \u00fcber die Sie unmittelbar identifiziert werden k\u00f6nnen, gel\u00f6scht. Damit k\u00f6nnen Sie unsere Social Media-Seiten nutzen, ohne dass Ihre -Kennung offenbart wird. Wenn Sie auf interaktive Funktionen der Seite zugreifen (Gef\u00e4llt mir, Kommentieren, Teilen, Nachrichten etc.), erscheint eine Anmeldemaske. Nach einer etwaigen Anmeldung sind Sie f\u00fcr Facebook\/Instagram erneut als bestimmte\/r Nutzerin\/Nutzer erkennbar.<\/p><p>Informationen dazu, wie Sie \u00fcber Sie vorhandene Informationen verwalten oder l\u00f6schen k\u00f6nnen, finden Sie auf folgenden Facebook Support Seiten: <a href=\"https:\/\/de-de.facebook.com\/about\/privacy#\" target=\"_blank\" rel=\"noopener\">https:\/\/de-de.facebook.com\/about\/privacy#<\/a><\/p><p>Wir als Anbieter des Informationsdienstes erheben und verarbeiten dar\u00fcber hinaus folgende Daten aus Ihrer Nutzung unseres Dienstes:<\/p><p>Die von Ihnen besuchte Fanseite bietet Ihnen die M\u00f6glichkeit, auf unsere Beitr\u00e4ge zu reagieren, diese zu kommentieren, selbst einen Beitrag zu erstellen und uns private Nachrichten mit pers\u00f6nlichen Anliegen zu schicken. Die in diesem Zusammenhang von Ihnen angegeben und f\u00fcr uns ggf. zug\u00e4nglichen Daten (z. B. Facebook Nutzername, Bilder, ggf. Interessen, Kontaktdaten) werden von uns ausschlie\u00dflich zum Zweck der Kommunikation auf Grund eines \u00fcberwiegenden berechtigten Interesses genutzt (Art. 6 Abs. 1 lit. f DS-GVO). Unser Interesse liegt darin, Ihnen eine Plattform zu Informationen \u00fcber unser Unternehmen zu bieten. Ihre Daten werden, soweit es uns m\u00f6glich ist, bei Einstellung des Fanpagebetriebs gel\u00f6scht.<\/p><p>Bei Fragen zu unserem Informationsangebot k\u00f6nnen Sie uns unter<a href=\"mailto:info@verschluss.de\"> info@verschluss.de<\/a> erreichen.<\/p><p>Weitere Informationen zu Facebook und anderen Sozialen Netzen und wie Sie Ihre Daten sch\u00fctzen k\u00f6nnen, finden Sie auch auf <a href=\"http:\/\/www.youngdata.de\">www.youngdata.de<\/a>.<\/p><p><strong>Recht auf Einschr\u00e4nkung der Verarbeitung:<\/strong> <br \/>Sie haben das Recht, die Einschr\u00e4nkung der Verarbeitung Ihrer Daten zu verlangen, wenn die<\/p><p>Voraussetzungen des Art. 18 DSGVO vorliegen. Dies ist beispielsweise der Fall, wenn Sie die Richtigkeit Ihrer Daten bestreiten. F\u00fcr die Dauer der \u00dcberpr\u00fcfung der Richtigkeit der Daten k\u00f6nnen Sie dann die Einschr\u00e4nkung der Verarbeitung verlangen.<\/p><p><strong>Widerspruchsrecht:<\/strong><br \/>Sofern die Verarbeitung auf einem \u00fcberwiegenden Interesse oder Ihre Daten zum Zwecke der Direktwerbung genutzt werden, haben Sie das Recht, der Verarbeitung Ihrer Daten zu widersprechen. Ein Widerspruch ist zul\u00e4ssig, wenn die Verarbeitung entweder im \u00f6ffentlichen Interesse liegt oder in Aus\u00fcbung \u00f6ffentlicher Gewalt oder aufgrund eines berechtigten Interesses von uns oder eines Dritten erfolgt. Im Falle des Widerspruchs bitten wir Sie, uns Ihre Gr\u00fcnde mitzuteilen, aus denen Sie der Datenverarbeitung widersprechen.<\/p><p>Daneben haben Sie das Recht, der Datenverarbeitung zu Zwecken der Direktwerbung zu widersprechen. Das gilt auch f\u00fcr Profiling, soweit es mit der Direktwerbung zusammenh\u00e4ngt.<\/p><p><strong>Recht auf Daten\u00fcbertragbarkeit:<\/strong><br \/>Sofern die Datenverarbeitung auf der Grundlage eine Einwilligung oder einer Vertragserf\u00fcllung beruht und diese zudem unter Einsatz einer automatisierten Verarbeitung erfolgt, haben Sie das Recht, Ihre Daten in einem strukturierten, g\u00e4ngigen und maschinenlesbaren Format zu erhalten und diese an einen anderen Datenverarbeiter zu \u00fcbermitteln.<\/p><p><strong>Widerrufsrecht:<\/strong><br \/>Sofern die Datenverarbeitung auf einer Einwilligung beruht, haben Sie das Recht, die Datenverarbeitung im Rahmen einer Einwilligung mit Wirkung f\u00fcr die Zukunft jederzeit kostenlos zu widerrufen.<\/p><p><strong>Beschwerderecht:<\/strong><br \/>Sie haben au\u00dferdem das Recht, sich bei der folgenden Aufsichtsbeh\u00f6rde \u00fcber unsere Verarbeitung Ihrer Daten zu beschweren:<\/p><p>Landesbeauftragte f\u00fcr Datenschutz und Informationsfreiheit Rheinland-Pfalz <br \/>Postfach 30 40<br \/>55020 Mainz<\/p><p>Telefon: +49 6131 208-2449 <br \/>Telefax: +49 6131 208-2497 <br \/>E-Mail: <a href=\"mailto:poststelle@datenschutz.rlp.de\">poststelle@datenschutz.rlp.de<\/a><\/p><p>www.datenschutz.rlp.de<\/p>\t\t\t\t\t\t\t\t<\/div>\n\t\t\t\t<\/div>\n\t\t\t\t<div class=\"elementor-element elementor-element-3dda409 elementor-align-center elementor-widget elementor-widget-button\" data-id=\"3dda409\" data-element_type=\"widget\" data-e-type=\"widget\" data-widget_type=\"button.default\">\n\t\t\t\t<div class=\"elementor-widget-container\">\n\t\t\t\t\t\t\t\t\t<div class=\"elementor-button-wrapper\">\n\t\t\t\t\t<a class=\"elementor-button elementor-button-link elementor-size-sm\" href=\"https:\/\/verschluss.de\/\">\n\t\t\t\t\t\t<span class=\"elementor-button-content-wrapper\">\n\t\t\t\t\t\t<span class=\"elementor-button-icon\">\n\t\t\t\t<i aria-hidden=\"true\" class=\"fas fa-arrow-left\"><\/i>\t\t\t<\/span>\n\t\t\t\t\t\t\t\t\t<span class=\"elementor-button-text\">Zur Startseite<\/span>\n\t\t\t\t\t<\/span>\n\t\t\t\t\t<\/a>\n\t\t\t\t<\/div>\n\t\t\t\t\t\t\t\t<\/div>\n\t\t\t\t<\/div>\n\t\t\t\t\t<\/div>\n\t\t\t\t<\/div>\n\t\t\t\t<\/div>\n\t\t","protected":false},"excerpt":{"rendered":"<p>DATENSCHUTZ Verantwortlicher im Sinne der Datenschutz-Grundverordnung (DSGVO) ist: Draht- und MetallwarenfabrikPhilipp Schneider GmbHSpeckerbr\u00fccke 255583 Bad KreuznachDeutschlandE-Mail: schneider@schneider-verschluss.deHRB 23870 \u00a0 Datenschutz Wir freuen uns \u00fcber Ihren Besuch auf unserer Internetseite und Ihrem Interesse an unserem Unternehmen. Der Schutz Ihrer personenbezogenen Daten ist uns ein wichtiges Anliegen. Deshalb ist das Einhalten der gesetzlichen Bestimmungen nach der Datenschutz-Grundverordnung [&hellip;]<\/p>\n","protected":false},"author":1,"featured_media":0,"parent":0,"menu_order":0,"comment_status":"closed","ping_status":"closed","template":"","meta":{"site-sidebar-layout":"no-sidebar","site-content-layout":"page-builder","ast-site-content-layout":"full-width-container","site-content-style":"unboxed","site-sidebar-style":"unboxed","ast-global-header-display":"","ast-banner-title-visibility":"","ast-main-header-display":"","ast-hfb-above-header-display":"","ast-hfb-below-header-display":"","ast-hfb-mobile-header-display":"","site-post-title":"disabled","ast-breadcrumbs-content":"","ast-featured-img":"disabled","footer-sml-layout":"","ast-disable-related-posts":"","theme-transparent-header-meta":"","adv-header-id-meta":"","stick-header-meta":"","header-above-stick-meta":"","header-main-stick-meta":"","header-below-stick-meta":"","astra-migrate-meta-layouts":"set","ast-page-background-enabled":"default","ast-page-background-meta":{"desktop":{"background-color":"var(--ast-global-color-4)","background-image":"","background-repeat":"repeat","background-position":"center center","background-size":"auto","background-attachment":"scroll","background-type":"","background-media":"","overlay-type":"","overlay-color":"","overlay-opacity":"","overlay-gradient":""},"tablet":{"background-color":"","background-image":"","background-repeat":"repeat","background-position":"center center","background-size":"auto","background-attachment":"scroll","background-type":"","background-media":"","overlay-type":"","overlay-color":"","overlay-opacity":"","overlay-gradient":""},"mobile":{"background-color":"","background-image":"","background-repeat":"repeat","background-position":"center center","background-size":"auto","background-attachment":"scroll","background-type":"","background-media":"","overlay-type":"","overlay-color":"","overlay-opacity":"","overlay-gradient":""}},"ast-content-background-meta":{"desktop":{"background-color":"var(--ast-global-color-5)","background-image":"","background-repeat":"repeat","background-position":"center center","background-size":"auto","background-attachment":"scroll","background-type":"","background-media":"","overlay-type":"","overlay-color":"","overlay-opacity":"","overlay-gradient":""},"tablet":{"background-color":"var(--ast-global-color-5)","background-image":"","background-repeat":"repeat","background-position":"center center","background-size":"auto","background-attachment":"scroll","background-type":"","background-media":"","overlay-type":"","overlay-color":"","overlay-opacity":"","overlay-gradient":""},"mobile":{"background-color":"var(--ast-global-color-5)","background-image":"","background-repeat":"repeat","background-position":"center center","background-size":"auto","background-attachment":"scroll","background-type":"","background-media":"","overlay-type":"","overlay-color":"","overlay-opacity":"","overlay-gradient":""}},"footnotes":""},"class_list":["post-6832","page","type-page","status-publish","hentry"],"yoast_head":"<!-- This site is optimized with the Yoast SEO plugin v27.4 - https:\/\/yoast.com\/product\/yoast-seo-wordpress\/ -->\n<title>Datenschutz - Verschluss.de<\/title>\n<meta name=\"robots\" content=\"index, follow, max-snippet:-1, max-image-preview:large, max-video-preview:-1\" \/>\n<link rel=\"canonical\" href=\"https:\/\/verschluss.de\/en\/datenschutz\/\" \/>\n<meta property=\"og:locale\" content=\"en_GB\" \/>\n<meta property=\"og:type\" content=\"article\" \/>\n<meta property=\"og:title\" content=\"Datenschutz - Verschluss.de\" \/>\n<meta property=\"og:description\" content=\"DATENSCHUTZ Verantwortlicher im Sinne der Datenschutz-Grundverordnung (DSGVO) ist: Draht- und MetallwarenfabrikPhilipp Schneider GmbHSpeckerbr\u00fccke 255583 Bad KreuznachDeutschlandE-Mail: schneider@schneider-verschluss.deHRB 23870 \u00a0 Datenschutz Wir freuen uns \u00fcber Ihren Besuch auf unserer Internetseite und Ihrem Interesse an unserem Unternehmen. Der Schutz Ihrer personenbezogenen Daten ist uns ein wichtiges Anliegen. Deshalb ist das Einhalten der gesetzlichen Bestimmungen nach der Datenschutz-Grundverordnung [&hellip;]\" \/>\n<meta property=\"og:url\" content=\"https:\/\/verschluss.de\/en\/datenschutz\/\" \/>\n<meta property=\"og:site_name\" content=\"Verschluss.de\" \/>\n<meta property=\"article:modified_time\" content=\"2026-01-28T21:41:35+00:00\" \/>\n<meta property=\"og:image\" content=\"https:\/\/verschluss.de\/wp-content\/uploads\/2024\/04\/pfefferkorn_logo_2024.png\" \/>\n\t<meta property=\"og:image:width\" content=\"148\" \/>\n\t<meta property=\"og:image:height\" content=\"154\" \/>\n\t<meta property=\"og:image:type\" content=\"image\/png\" \/>\n<meta name=\"twitter:card\" content=\"summary_large_image\" \/>\n<meta name=\"twitter:label1\" content=\"Estimated reading time\" \/>\n\t<meta name=\"twitter:data1\" content=\"12 minutes\" \/>\n<script type=\"application\/ld+json\" class=\"yoast-schema-graph\">{\"@context\":\"https:\\\/\\\/schema.org\",\"@graph\":[{\"@type\":\"WebPage\",\"@id\":\"https:\\\/\\\/verschluss.de\\\/datenschutz\\\/\",\"url\":\"https:\\\/\\\/verschluss.de\\\/datenschutz\\\/\",\"name\":\"Datenschutz - Verschluss.de\",\"isPartOf\":{\"@id\":\"https:\\\/\\\/verschluss.de\\\/#website\"},\"primaryImageOfPage\":{\"@id\":\"https:\\\/\\\/verschluss.de\\\/datenschutz\\\/#primaryimage\"},\"image\":{\"@id\":\"https:\\\/\\\/verschluss.de\\\/datenschutz\\\/#primaryimage\"},\"thumbnailUrl\":\"https:\\\/\\\/verschluss.de\\\/wp-content\\\/uploads\\\/2024\\\/04\\\/pfefferkorn_logo_2024.png\",\"datePublished\":\"2021-12-23T20:03:33+00:00\",\"dateModified\":\"2026-01-28T21:41:35+00:00\",\"breadcrumb\":{\"@id\":\"https:\\\/\\\/verschluss.de\\\/datenschutz\\\/#breadcrumb\"},\"inLanguage\":\"en-GB\",\"potentialAction\":[{\"@type\":\"ReadAction\",\"target\":[\"https:\\\/\\\/verschluss.de\\\/datenschutz\\\/\"]}]},{\"@type\":\"ImageObject\",\"inLanguage\":\"en-GB\",\"@id\":\"https:\\\/\\\/verschluss.de\\\/datenschutz\\\/#primaryimage\",\"url\":\"https:\\\/\\\/verschluss.de\\\/wp-content\\\/uploads\\\/2024\\\/04\\\/pfefferkorn_logo_2024.png\",\"contentUrl\":\"https:\\\/\\\/verschluss.de\\\/wp-content\\\/uploads\\\/2024\\\/04\\\/pfefferkorn_logo_2024.png\"},{\"@type\":\"BreadcrumbList\",\"@id\":\"https:\\\/\\\/verschluss.de\\\/datenschutz\\\/#breadcrumb\",\"itemListElement\":[{\"@type\":\"ListItem\",\"position\":1,\"name\":\"Startseite\",\"item\":\"https:\\\/\\\/verschluss.de\\\/\"},{\"@type\":\"ListItem\",\"position\":2,\"name\":\"Datenschutz\"}]},{\"@type\":\"WebSite\",\"@id\":\"https:\\\/\\\/verschluss.de\\\/#website\",\"url\":\"https:\\\/\\\/verschluss.de\\\/\",\"name\":\"Verschluss.de\",\"description\":\"Wir entwickeln und realisieren Ihre Visionen in der Welt der Thermoplaste\",\"potentialAction\":[{\"@type\":\"SearchAction\",\"target\":{\"@type\":\"EntryPoint\",\"urlTemplate\":\"https:\\\/\\\/verschluss.de\\\/?s={search_term_string}\"},\"query-input\":{\"@type\":\"PropertyValueSpecification\",\"valueRequired\":true,\"valueName\":\"search_term_string\"}}],\"inLanguage\":\"en-GB\"}]}<\/script>\n<!-- \/ Yoast SEO plugin. -->","yoast_head_json":{"title":"Datenschutz - Verschluss.de","robots":{"index":"index","follow":"follow","max-snippet":"max-snippet:-1","max-image-preview":"max-image-preview:large","max-video-preview":"max-video-preview:-1"},"canonical":"https:\/\/verschluss.de\/en\/datenschutz\/","og_locale":"en_GB","og_type":"article","og_title":"Datenschutz - Verschluss.de","og_description":"DATENSCHUTZ Verantwortlicher im Sinne der Datenschutz-Grundverordnung (DSGVO) ist: Draht- und MetallwarenfabrikPhilipp Schneider GmbHSpeckerbr\u00fccke 255583 Bad KreuznachDeutschlandE-Mail: schneider@schneider-verschluss.deHRB 23870 \u00a0 Datenschutz Wir freuen uns \u00fcber Ihren Besuch auf unserer Internetseite und Ihrem Interesse an unserem Unternehmen. Der Schutz Ihrer personenbezogenen Daten ist uns ein wichtiges Anliegen. Deshalb ist das Einhalten der gesetzlichen Bestimmungen nach der Datenschutz-Grundverordnung [&hellip;]","og_url":"https:\/\/verschluss.de\/en\/datenschutz\/","og_site_name":"Verschluss.de","article_modified_time":"2026-01-28T21:41:35+00:00","og_image":[{"width":148,"height":154,"url":"https:\/\/verschluss.de\/wp-content\/uploads\/2024\/04\/pfefferkorn_logo_2024.png","type":"image\/png"}],"twitter_card":"summary_large_image","twitter_misc":{"Estimated reading time":"12 minutes"},"schema":{"@context":"https:\/\/schema.org","@graph":[{"@type":"WebPage","@id":"https:\/\/verschluss.de\/datenschutz\/","url":"https:\/\/verschluss.de\/datenschutz\/","name":"Datenschutz - Verschluss.de","isPartOf":{"@id":"https:\/\/verschluss.de\/#website"},"primaryImageOfPage":{"@id":"https:\/\/verschluss.de\/datenschutz\/#primaryimage"},"image":{"@id":"https:\/\/verschluss.de\/datenschutz\/#primaryimage"},"thumbnailUrl":"https:\/\/verschluss.de\/wp-content\/uploads\/2024\/04\/pfefferkorn_logo_2024.png","datePublished":"2021-12-23T20:03:33+00:00","dateModified":"2026-01-28T21:41:35+00:00","breadcrumb":{"@id":"https:\/\/verschluss.de\/datenschutz\/#breadcrumb"},"inLanguage":"en-GB","potentialAction":[{"@type":"ReadAction","target":["https:\/\/verschluss.de\/datenschutz\/"]}]},{"@type":"ImageObject","inLanguage":"en-GB","@id":"https:\/\/verschluss.de\/datenschutz\/#primaryimage","url":"https:\/\/verschluss.de\/wp-content\/uploads\/2024\/04\/pfefferkorn_logo_2024.png","contentUrl":"https:\/\/verschluss.de\/wp-content\/uploads\/2024\/04\/pfefferkorn_logo_2024.png"},{"@type":"BreadcrumbList","@id":"https:\/\/verschluss.de\/datenschutz\/#breadcrumb","itemListElement":[{"@type":"ListItem","position":1,"name":"Startseite","item":"https:\/\/verschluss.de\/"},{"@type":"ListItem","position":2,"name":"Datenschutz"}]},{"@type":"WebSite","@id":"https:\/\/verschluss.de\/#website","url":"https:\/\/verschluss.de\/","name":"Verschluss.de","description":"Wir entwickeln und realisieren Ihre Visionen in der Welt der Thermoplaste","potentialAction":[{"@type":"SearchAction","target":{"@type":"EntryPoint","urlTemplate":"https:\/\/verschluss.de\/?s={search_term_string}"},"query-input":{"@type":"PropertyValueSpecification","valueRequired":true,"valueName":"search_term_string"}}],"inLanguage":"en-GB"}]}},"_links":{"self":[{"href":"https:\/\/verschluss.de\/en\/wp-json\/wp\/v2\/pages\/6832","targetHints":{"allow":["GET"]}}],"collection":[{"href":"https:\/\/verschluss.de\/en\/wp-json\/wp\/v2\/pages"}],"about":[{"href":"https:\/\/verschluss.de\/en\/wp-json\/wp\/v2\/types\/page"}],"author":[{"embeddable":true,"href":"https:\/\/verschluss.de\/en\/wp-json\/wp\/v2\/users\/1"}],"replies":[{"embeddable":true,"href":"https:\/\/verschluss.de\/en\/wp-json\/wp\/v2\/comments?post=6832"}],"version-history":[{"count":10,"href":"https:\/\/verschluss.de\/en\/wp-json\/wp\/v2\/pages\/6832\/revisions"}],"predecessor-version":[{"id":26874,"href":"https:\/\/verschluss.de\/en\/wp-json\/wp\/v2\/pages\/6832\/revisions\/26874"}],"wp:attachment":[{"href":"https:\/\/verschluss.de\/en\/wp-json\/wp\/v2\/media?parent=6832"}],"curies":[{"name":"wp","href":"https:\/\/api.w.org\/{rel}","templated":true}]}}